{"id":138,"date":"2019-07-25T01:04:28","date_gmt":"2019-07-25T01:04:28","guid":{"rendered":"https:\/\/ampaelarmelar.org\/?page_id=138"},"modified":"2020-02-17T20:41:10","modified_gmt":"2020-02-17T20:41:10","slug":"escuela-de-familias","status":"publish","type":"page","link":"https:\/\/ampaelarmelar.org\/index.php\/escuela-de-familias\/","title":{"rendered":"Escuela de familias"},"content":{"rendered":"\n<figure class=\"wp-block-image\"><img loading=\"lazy\" decoding=\"async\" width=\"1024\" height=\"683\" src=\"https:\/\/ampaelarmelar.org\/wp-content\/uploads\/2019\/07\/Escuela_familias_letrero-1024x683.jpg\" alt=\"Escuela de familias\" class=\"wp-image-176\" srcset=\"https:\/\/ampaelarmelar.org\/wp-content\/uploads\/2019\/07\/Escuela_familias_letrero-1024x683.jpg 1024w, https:\/\/ampaelarmelar.org\/wp-content\/uploads\/2019\/07\/Escuela_familias_letrero-300x200.jpg 300w, https:\/\/ampaelarmelar.org\/wp-content\/uploads\/2019\/07\/Escuela_familias_letrero-768x512.jpg 768w, https:\/\/ampaelarmelar.org\/wp-content\/uploads\/2019\/07\/Escuela_familias_letrero-360x240.jpg 360w, https:\/\/ampaelarmelar.org\/wp-content\/uploads\/2019\/07\/Escuela_familias_letrero.jpg 1728w\" sizes=\"auto, (max-width: 1024px) 100vw, 1024px\" \/><\/figure>\n\n\n\n<h2 class=\"has-text-align-right wp-block-heading\"><strong>La Escuela de Familias: un espacio pensado para todas las familias y nuestras inquietudes como padres y madres.<\/strong><\/h2>\n\n\n\n<h2 class=\"has-text-color wp-block-heading\" style=\"color:#f6f6f6\">          <\/h2>\n\n\n\n<div style=\"height:46px\" aria-hidden=\"true\" class=\"wp-block-spacer\"><\/div>\n\n\n\n<p class=\"has-text-color has-luminous-vivid-orange-color\"><strong>OBJETIVOS DE LAS CHARLAS<\/strong><\/p>\n\n\n\n<p><\/p>\n\n\n\n<p>&nbsp;\u2022 Fomentar competencias en los padres <\/p>\n\n\n\n<p>\u2022 Proporcionar conocimientos\nb\u00e1sicos acerca de la din\u00e1mica familiar, educativa y evolutiva <\/p>\n\n\n\n<p>\u2022 Orientar en situaciones concretas\n<\/p>\n\n\n\n<p>\u2022 Crear un espacio para compartir\ncon otros padres\/madres <\/p>\n\n\n\n<p>\u2022 Ofrecer una plataforma de formaci\u00f3n para los padres y madres que est\u00e9n interesados<\/p>\n\n\n\n<div style=\"height:20px\" aria-hidden=\"true\" class=\"wp-block-spacer\"><\/div>\n\n\n\n<blockquote class=\"wp-block-quote is-layout-flow wp-block-quote-is-layout-flow\"><p><strong>DEL 21 de FEBRERO al 8 de MAYO &#8211; \u00abASESOR\u00cdAS GRUPALES\u00bb<\/strong> &#8211; <strong>Pablo Viudes<\/strong><\/p><p> o  \u00ab<strong>La autonom\u00eda, camino a la responsabilidad<\/strong>\u00bb <\/p><p>       \u00b7 Viernes 21 de Febrero a las 15h: INFANTIL<\/p><p>      \u00b7 Viernes 6 de Marzo a las 15h: 1\u00ba a 4\u00ba PRIMARIA<\/p><p> o  \u00ab<strong>Comprender y conducir la conducta de nuestros hijos\/as<\/strong>\u00ab<\/p><p>      \u00b7 Viernes 27 de Marzo a las 15h: INFANTIL<\/p><p>      \u00b7 Viernes 3 de Abril a las 15h: 1\u00ba a 4\u00ba PRIMARIA<\/p><p> o  \u00ab<strong>Comunicaci\u00f3n eficaz con tus hijos\/as<\/strong>\u00ab<\/p><p>      \u00b7 Viernes 24 de Abril a las 15h: INFANTIL<\/p><p>      \u00b7 Viernes 8 de Mayo a las 15h: 1\u00ba a 4\u00ba PRIMARIA<\/p><\/blockquote>\n\n\n\n<p><\/p>\n\n\n\n<blockquote class=\"wp-block-quote is-layout-flow wp-block-quote-is-layout-flow\"><p><strong>DEL 7 AL 28 DE FEBRERO &#8211; \u00abDIETA DIGITAL &#8211; EDUCALIKE\u00bb<\/strong><\/p><p> o  Viernes 7 de febrero 15\u201900: 1\u00ba a 4\u00ba PRIMARIA<\/p><p> o  Viernes 14 de febrero 15\u201900: 5\u00ba PRIMARIA a 2\u00ba ESO<\/p><p> o  Viernes 28 de febrero 15\u201900: 3\u00ba de ESO A 2\u00ba BACHILLERATO<\/p><\/blockquote>\n\n\n\n<div style=\"height:32px\" aria-hidden=\"true\" class=\"wp-block-spacer\"><\/div>\n\n\n\n<blockquote class=\"wp-block-quote is-layout-flow wp-block-quote-is-layout-flow\"><p><strong>DEL 16 AL 28 DE ENERO &#8211; \u00abFORMACI\u00d3N B\u00c1SICA PARA PADRES Y MADRES\u00bb<\/strong><\/p><p> o  Jueves 16 de Enero: 5\u00ba y 6\u00ba Primaria + 1\u00ba y 2\u00ba ESO. Mercedes Arellano<strong>. <\/strong><\/p><p> o Martes 21 de Enero:  3\u00ba y 4\u00ba ESO + Bachillerato. Paula Ib\u00e1\u00f1ez <strong>. <\/strong>  <\/p><p> o Martes 21 de Enero:  Educaci\u00f3n Infantil- Marta Abarca.<strong> <\/strong><\/p><p> o Martes 28 de Enero:  1\u00ba, 2\u00ba, 3\u00ba y 4\u00ba Primaria. Marta Abarca.<\/p><\/blockquote>\n\n\n\n<div style=\"height:32px\" aria-hidden=\"true\" class=\"wp-block-spacer\"><\/div>\n\n\n\n<blockquote class=\"wp-block-quote is-style-default is-layout-flow wp-block-quote-is-layout-flow\"><p><strong>S\u00c1BADO 11 DE ENERO &#8211; DR. D. ANTONIO SARRI\u00d3 R\u00cdO<\/strong><\/p><p> o  <strong>\u00abEducar en tiempos dif\u00edciles. Pautas para padres y madres de hoy\u00bb. <\/strong>Especialmente pensada para padres\/madres de Educaci\u00f3n Infantil y Primaria <\/p><p> o <strong>\u00abAprender a convivir con tu hijo\/a adolescente y no morir en el intento\u00bb. <\/strong>Especialmente dise\u00f1ada para padres y madres de ESO y Bachillerato. <\/p><\/blockquote>\n\n\n\n<div style=\"height:34px\" aria-hidden=\"true\" class=\"wp-block-spacer\"><\/div>\n\n\n\n<h2 class=\"has-luminous-vivid-orange-color has-text-color has-text-align-right wp-block-heading\">Un espacio para crecer en familia&#8230;<\/h2>\n","protected":false},"excerpt":{"rendered":"<p>La Escuela de Familias: un espacio pensado para todas las familias y nuestras inquietudes como padres y madres. OBJETIVOS DE LAS CHARLAS &nbsp;\u2022 Fomentar competencias en los padres \u2022 Proporcionar conocimientos b\u00e1sicos acerca de la din\u00e1mica familiar, educativa y evolutiva <a href=\"https:\/\/ampaelarmelar.org\/index.php\/escuela-de-familias\/\" class=\"read-more\">Leer m\u00e1s&#8230;<\/a><\/p>\n","protected":false},"author":1,"featured_media":176,"parent":0,"menu_order":0,"comment_status":"closed","ping_status":"closed","template":"","meta":{"footnotes":""},"class_list":["post-138","page","type-page","status-publish","has-post-thumbnail","hentry"],"jetpack_sharing_enabled":true,"_links":{"self":[{"href":"https:\/\/ampaelarmelar.org\/index.php\/wp-json\/wp\/v2\/pages\/138","targetHints":{"allow":["GET"]}}],"collection":[{"href":"https:\/\/ampaelarmelar.org\/index.php\/wp-json\/wp\/v2\/pages"}],"about":[{"href":"https:\/\/ampaelarmelar.org\/index.php\/wp-json\/wp\/v2\/types\/page"}],"author":[{"embeddable":true,"href":"https:\/\/ampaelarmelar.org\/index.php\/wp-json\/wp\/v2\/users\/1"}],"replies":[{"embeddable":true,"href":"https:\/\/ampaelarmelar.org\/index.php\/wp-json\/wp\/v2\/comments?post=138"}],"version-history":[{"count":12,"href":"https:\/\/ampaelarmelar.org\/index.php\/wp-json\/wp\/v2\/pages\/138\/revisions"}],"predecessor-version":[{"id":288,"href":"https:\/\/ampaelarmelar.org\/index.php\/wp-json\/wp\/v2\/pages\/138\/revisions\/288"}],"wp:featuredmedia":[{"embeddable":true,"href":"https:\/\/ampaelarmelar.org\/index.php\/wp-json\/wp\/v2\/media\/176"}],"wp:attachment":[{"href":"https:\/\/ampaelarmelar.org\/index.php\/wp-json\/wp\/v2\/media?parent=138"}],"curies":[{"name":"wp","href":"https:\/\/api.w.org\/{rel}","templated":true}]}}